{"id":1688,"date":"2018-05-18T21:33:29","date_gmt":"2018-05-18T19:33:29","guid":{"rendered":"https:\/\/old.mnw.org.pl\/?post_type=project&#038;p=1688"},"modified":"2019-02-26T10:55:05","modified_gmt":"2019-02-26T09:55:05","slug":"malzenstwa-dla-wszystkich","status":"publish","type":"project","link":"https:\/\/old.mnw.org.pl\/wp\/projekty\/malzenstwa-dla-wszystkich\/","title":{"rendered":"Ma\u0142\u017ce\u0144stwa dla wszystkich"},"content":{"rendered":"<p>W wyniku projektu<\/p>\n<ul>\n<li>opracowali\u015bmy wieloletni\u0105 <a href=\"https:\/\/old.mnw.org.pl\/tematy\/strategia\/\">Strategi\u0119 wprowadzenia r\u00f3wno\u015bci ma\u0142\u017ce\u0144skiej w Polsce <\/a>do roku 2025 i rozpocz\u0119li\u015bmy budow\u0119 sieci os\u00f3b i instytucji odpowiedzialnych za jej realizacj\u0119,<\/li>\n<li>przeprowadzili\u015bmy reprezentatywne <a href=\"https:\/\/old.mnw.org.pl\/tematy\/badania\/\">badania postaw Polak\u00f3w i Polek wobec zagadnienia r\u00f3wno\u015bci ma\u0142\u017ce\u0144skiej oraz jako\u015bciowe i internetowe badania potrzeb spo\u0142eczno\u015bci LGBTQIA<\/a>,<\/li>\n<li>wydali\u015bmy pierwsz\u0105 w Polsce publikacj\u0119 o r\u00f3wno\u015bci ma\u0142\u017ce\u0144skiej <a href=\"https:\/\/old.mnw.org.pl\/app\/uploads\/2017\/09\/MNW_Rownosc-malzenska_przewodnik-dla-poczatkujacych.pdf\">\u201cR\u00f3wno\u015b\u0107 ma\u0142\u017ce\u0144ska. Przewodnik dla pocz\u0105tkuj\u0105cych\u201d<\/a>.<\/li>\n<li>Grupa Prawna opracowa\u0142a \u015bcie\u017cki mo\u017cliwych rozwi\u0105za\u0144 wprowadzenia r\u00f3wno\u015bci ma\u0142\u017ce\u0144skiej w Polsce oraz projekt ustawy ma\u0142\u017ce\u0144skiej, otwieraj\u0105cej instytucj\u0119 ma\u0142\u017ce\u0144stwa dla par jednop\u0142ciowych,<\/li>\n<li>wsp\u00f3lnie z organizacjami zajmuj\u0105cymi si\u0119 tematyk\u0105 LGBT+ i prawami cz\u0142owieka oraz kancelariami prawniczymi zawi\u0105zali\u015bmy <a href=\"https:\/\/dostrasburga.pl\/\" target=\"_blank\" rel=\"noopener\">Koalicj\u0119 na rzecz zwi\u0105zk\u00f3w partnerskich i r\u00f3wno\u015bci ma\u0142\u017ce\u0144skiej<\/a>. Prowadzi ona proces litygacji strategicznej polskich par jednop\u0142ciowych, kt\u00f3rego celem jest uzyskanie rozstrzygni\u0119cia tej kwestii przez Europejski Trybuna\u0142 Praw Cz\u0142owieka,<\/li>\n<li>zorganizowali\u015bmy dwa spotkania og\u00f3lnopolskiego Forum Organizacji LGBTQIA, wspierali\u015bmy Marsze i Parady R\u00f3wno\u015bci.<\/li>\n<\/ul>\n<hr \/>\n<p class=\"textwidget\" style=\"text-align: center;\">Projekt by\u0142 realizowany od lutego 2015 do marca 2016 roku przez Stowarzyszenie Mi\u0142o\u015b\u0107 Nie Wyklucza w ramach programu <a href=\"http:\/\/www.batory.org.pl\/programy_dotacyjne\/obywatele_dla_demokracji\" rel=\"nofollow\">Obywatele dla Demokracji<\/a>, wsp\u00f3\u0142finansowanego z funduszy EOG.<\/p>\n<p><img loading=\"lazy\" decoding=\"async\" class=\"aligncenter wp-image-692 size-medium\" src=\"https:\/\/old.mnw.org.pl\/app\/uploads\/2017\/08\/obywateledlademokracji-300x90.png\" alt=\"\" width=\"300\" height=\"90\" srcset=\"https:\/\/old.mnw.org.pl\/wp\/wp-content\/uploads\/2017\/08\/obywateledlademokracji-300x90.png 300w, https:\/\/old.mnw.org.pl\/wp\/wp-content\/uploads\/2017\/08\/obywateledlademokracji.png 600w\" sizes=\"(max-width: 300px) 100vw, 300px\" \/><\/p>\n<p>&nbsp;<\/p>\n","protected":false},"excerpt":{"rendered":"<p>Projekt \u201eR\u00f3wno\u015b\u0107 ma\u0142\u017ce\u0144ska dla wszystkich\u201d, realizowany w ramach programu Obywatele dla Demokracji by\u0142 odpowiedzi\u0105 na brak skonsolidowanych dzia\u0142a\u0144 rzeczniczych, lobbystycznych, informacyjnych i edukacyjnych dotycz\u0105cych dost\u0119pu par jednop\u0142ciowych do instytucji ma\u0142\u017ce\u0144stwa. Brak rozwi\u0105za\u0144 ustawowych w tym zakresie jest przejawem dyskryminacji z uwagi na orientacj\u0119 psychoseksualn\u0105, prowadz\u0105cej do wykluczenia os\u00f3b LGBT+.<\/p>\n","protected":false},"featured_media":1700,"template":"","_links":{"self":[{"href":"https:\/\/old.mnw.org.pl\/wp\/wp-json\/wp\/v2\/project\/1688"}],"collection":[{"href":"https:\/\/old.mnw.org.pl\/wp\/wp-json\/wp\/v2\/project"}],"about":[{"href":"https:\/\/old.mnw.org.pl\/wp\/wp-json\/wp\/v2\/types\/project"}],"wp:featuredmedia":[{"embeddable":true,"href":"https:\/\/old.mnw.org.pl\/wp\/wp-json\/wp\/v2\/media\/1700"}],"wp:attachment":[{"href":"https:\/\/old.mnw.org.pl\/wp\/wp-json\/wp\/v2\/media?parent=1688"}],"curies":[{"name":"wp","href":"https:\/\/api.w.org\/{rel}","templated":true}]}}